{"id":365,"date":"2019-08-15T15:30:36","date_gmt":"2019-08-15T13:30:36","guid":{"rendered":"http:\/\/aytcoaching.com\/?page_id=365"},"modified":"2021-11-11T22:24:03","modified_gmt":"2021-11-12T01:24:03","slug":"peru-3","status":"publish","type":"page","link":"https:\/\/aytcoaching.com\/index.php\/peru-3\/","title":{"rendered":"PERU"},"content":{"rendered":"\t\t<div data-elementor-type=\"wp-post\" data-elementor-id=\"365\" class=\"elementor elementor-365\" data-elementor-settings=\"[]\">\n\t\t\t\t\t\t<div class=\"elementor-inner\">\n\t\t\t\t\t\t\t<div class=\"elementor-section-wrap\">\n\t\t\t\t\t\t\t<section class=\"elementor-section elementor-top-section elementor-element elementor-element-8f4a171 elementor-section-boxed elementor-section-height-default elementor-section-height-default\" data-id=\"8f4a171\" data-element_type=\"section\" data-settings=\"{&quot;background_background&quot;:&quot;classic&quot;}\">\n\t\t\t\t\t\t<div class=\"elementor-container elementor-column-gap-default\">\n\t\t\t\t\t\t\t<div class=\"elementor-row\">\n\t\t\t\t\t<div class=\"elementor-column elementor-col-33 elementor-top-column elementor-element elementor-element-8ca332a\" data-id=\"8ca332a\" data-element_type=\"column\">\n\t\t\t<div class=\"elementor-column-wrap elementor-element-populated\">\n\t\t\t\t\t\t\t<div class=\"elementor-widget-wrap\">\n\t\t\t\t\t\t<div class=\"elementor-element elementor-element-e1963fc elementor-widget elementor-widget-html\" data-id=\"e1963fc\" data-element_type=\"widget\" data-widget_type=\"html.default\">\n\t\t\t\t<div class=\"elementor-widget-container\">\n\t\t\t<div align=\"center\">\r\n<a href=\"http:\/\/ayt-coaching.com.ar\/educacion\/login\/index.php\"><b><span style=\"color: #ffffff;\">FORMACION SEMI PRESENCIAL (Aula Virtual)<\/span><\/b><\/a>\r\n<\/div>\t\t<\/div>\n\t\t\t\t<\/div>\n\t\t\t\t\t\t<\/div>\n\t\t\t\t\t<\/div>\n\t\t<\/div>\n\t\t\t\t<div class=\"elementor-column elementor-col-33 elementor-top-column elementor-element elementor-element-9c44ffe\" data-id=\"9c44ffe\" data-element_type=\"column\">\n\t\t\t<div class=\"elementor-column-wrap elementor-element-populated\">\n\t\t\t\t\t\t\t<div class=\"elementor-widget-wrap\">\n\t\t\t\t\t\t<div class=\"elementor-element elementor-element-ef11ade elementor-widget elementor-widget-html\" data-id=\"ef11ade\" data-element_type=\"widget\" data-widget_type=\"html.default\">\n\t\t\t\t<div class=\"elementor-widget-container\">\n\t\t\t<div align=\"center\">\r\n<a href=\"https:\/\/formacion.aytcoaching.com\/\"><b><span style=\"color: #ffffff;\">FORMACION EN LINEA<\/span><\/b><\/a>\r\n<\/div>\t\t<\/div>\n\t\t\t\t<\/div>\n\t\t\t\t\t\t<\/div>\n\t\t\t\t\t<\/div>\n\t\t<\/div>\n\t\t\t\t<div class=\"elementor-column elementor-col-33 elementor-top-column elementor-element elementor-element-3a0c048\" data-id=\"3a0c048\" data-element_type=\"column\">\n\t\t\t<div class=\"elementor-column-wrap elementor-element-populated\">\n\t\t\t\t\t\t\t<div class=\"elementor-widget-wrap\">\n\t\t\t\t\t\t<div class=\"elementor-element elementor-element-1a13c77 elementor-widget elementor-widget-html\" data-id=\"1a13c77\" data-element_type=\"widget\" data-widget_type=\"html.default\">\n\t\t\t\t<div class=\"elementor-widget-container\">\n\t\t\t<div align=\"center\">\r\n<a href=\"https:\/\/www.facebook.com\/AyTCoachingOrganizacional\/\" target=\"blanck\">\r\n<img loading=\"lazy\" width=\"22\" height=\"22\" src=\"http:\/\/aytcoaching.com\/wp-content\/uploads\/2019\/08\/icono-facebook.jpg\" class=\"attachment-large size-large\" alt=\"facebook\" draggable=\"false\"><\/a>\r\n\r\n<a href=\"https:\/\/twitter.com\/AyTCoaching\">\r\n<img loading=\"lazy\" width=\"22\" height=\"22\" src=\"http:\/\/aytcoaching.com\/wp-content\/uploads\/2019\/08\/icono-twiter.jpg\" class=\"attachment-large size-large\" alt=\"twiter\" draggable=\"false\"><\/a>\r\n\r\n<a href=\"https:\/\/www.linkedin.com\/company\/ayt-coaching\" target=\"blanck\">\r\n<img loading=\"lazy\" width=\"22\" height=\"22\" src=\"http:\/\/aytcoaching.com\/wp-content\/uploads\/2019\/08\/icono-linkedin.jpg\" class=\"attachment-large size-large\" alt=\"linkedin\" draggable=\"false\"><\/a>\r\n\r\n<a href=\"https:\/\/www.instagram.com\/AyTCoachingOrganizacional\/\" target=\"blanck\">\r\n<img loading=\"lazy\" width=\"22\" height=\"22\" src=\"http:\/\/aytcoaching.com\/wp-content\/uploads\/2019\/08\/icono-instagram.jpg\" class=\"attachment-large size-large\" alt=\"instagram\" draggable=\"false\"><\/a>\r\n<\/div>\t\t<\/div>\n\t\t\t\t<\/div>\n\t\t\t\t\t\t<\/div>\n\t\t\t\t\t<\/div>\n\t\t<\/div>\n\t\t\t\t\t\t\t\t<\/div>\n\t\t\t\t\t<\/div>\n\t\t<\/section>\n\t\t\t\t<section class=\"elementor-section elementor-top-section elementor-element elementor-element-ca61733 elementor-section-boxed elementor-section-height-default elementor-section-height-default\" data-id=\"ca61733\" data-element_type=\"section\">\n\t\t\t\t\t\t<div class=\"elementor-container elementor-column-gap-default\">\n\t\t\t\t\t\t\t<div class=\"elementor-row\">\n\t\t\t\t\t<div class=\"elementor-column elementor-col-100 elementor-top-column elementor-element elementor-element-2beafa4\" data-id=\"2beafa4\" data-element_type=\"column\">\n\t\t\t<div class=\"elementor-column-wrap elementor-element-populated\">\n\t\t\t\t\t\t\t<div class=\"elementor-widget-wrap\">\n\t\t\t\t\t\t<div class=\"elementor-element elementor-element-188e1ff elementor-widget elementor-widget-text-editor\" data-id=\"188e1ff\" data-element_type=\"widget\" data-widget_type=\"text-editor.default\">\n\t\t\t\t<div class=\"elementor-widget-container\">\n\t\t\t\t\t\t\t\t<div class=\"elementor-text-editor elementor-clearfix\">\n\t\t\t\t<p>\u00a0<\/p><h4 style=\"text-align: center;\"><strong> FORMACI\u00d3N EN COACHING ONTOL\u00d3GICO PROFESIONAL<\/strong><\/h4>\t\t\t\t\t<\/div>\n\t\t\t\t\t\t<\/div>\n\t\t\t\t<\/div>\n\t\t\t\t<div class=\"elementor-element elementor-element-e7e80fa elementor-widget-divider--view-line elementor-widget elementor-widget-divider\" data-id=\"e7e80fa\" data-element_type=\"widget\" data-widget_type=\"divider.default\">\n\t\t\t\t<div class=\"elementor-widget-container\">\n\t\t\t\t\t<div class=\"elementor-divider\">\n\t\t\t<span class=\"elementor-divider-separator\">\n\t\t\t\t\t\t<\/span>\n\t\t<\/div>\n\t\t\t\t<\/div>\n\t\t\t\t<\/div>\n\t\t\t\t\t\t<\/div>\n\t\t\t\t\t<\/div>\n\t\t<\/div>\n\t\t\t\t\t\t\t\t<\/div>\n\t\t\t\t\t<\/div>\n\t\t<\/section>\n\t\t\t\t<section class=\"elementor-section elementor-top-section elementor-element elementor-element-6b25f20 elementor-section-boxed elementor-section-height-default elementor-section-height-default\" data-id=\"6b25f20\" data-element_type=\"section\">\n\t\t\t\t\t\t<div class=\"elementor-container elementor-column-gap-default\">\n\t\t\t\t\t\t\t<div class=\"elementor-row\">\n\t\t\t\t\t<div class=\"elementor-column elementor-col-100 elementor-top-column elementor-element elementor-element-fdbe540\" data-id=\"fdbe540\" data-element_type=\"column\">\n\t\t\t<div class=\"elementor-column-wrap elementor-element-populated\">\n\t\t\t\t\t\t\t<div class=\"elementor-widget-wrap\">\n\t\t\t\t\t\t<div class=\"elementor-element elementor-element-392a115 elementor-tabs-view-horizontal elementor-widget elementor-widget-tabs\" data-id=\"392a115\" data-element_type=\"widget\" data-widget_type=\"tabs.default\">\n\t\t\t\t<div class=\"elementor-widget-container\">\n\t\t\t\t\t<div class=\"elementor-tabs\">\n\t\t\t<div class=\"elementor-tabs-wrapper\" role=\"tablist\" >\n\t\t\t\t\t\t\t\t\t<div id=\"elementor-tab-title-5991\" class=\"elementor-tab-title elementor-tab-desktop-title\" aria-selected=\"true\" data-tab=\"1\" role=\"tab\" tabindex=\"0\" aria-controls=\"elementor-tab-content-5991\" aria-expanded=\"false\"><a href=\"\">Visi\u00f3n y Objetivos<\/a><\/div>\n\t\t\t\t\t\t\t\t\t<div id=\"elementor-tab-title-5992\" class=\"elementor-tab-title elementor-tab-desktop-title\" aria-selected=\"false\" data-tab=\"2\" role=\"tab\" tabindex=\"-1\" aria-controls=\"elementor-tab-content-5992\" aria-expanded=\"false\"><a href=\"\">M\u00f3dulos<\/a><\/div>\n\t\t\t\t\t\t\t\t\t<div id=\"elementor-tab-title-5993\" class=\"elementor-tab-title elementor-tab-desktop-title\" aria-selected=\"false\" data-tab=\"3\" role=\"tab\" tabindex=\"-1\" aria-controls=\"elementor-tab-content-5993\" aria-expanded=\"false\"><a href=\"\">Filosof\u00eda<\/a><\/div>\n\t\t\t\t\t\t\t\t\t<div id=\"elementor-tab-title-5994\" class=\"elementor-tab-title elementor-tab-desktop-title\" aria-selected=\"false\" data-tab=\"4\" role=\"tab\" tabindex=\"-1\" aria-controls=\"elementor-tab-content-5994\" aria-expanded=\"false\"><a href=\"\">Instructores<\/a><\/div>\n\t\t\t\t\t\t\t\t\t<div id=\"elementor-tab-title-5995\" class=\"elementor-tab-title elementor-tab-desktop-title\" aria-selected=\"false\" data-tab=\"5\" role=\"tab\" tabindex=\"-1\" aria-controls=\"elementor-tab-content-5995\" aria-expanded=\"false\"><a href=\"\">M\u00e1s Informaci\u00f3n<\/a><\/div>\n\t\t\t\t\t\t\t\t\t<div id=\"elementor-tab-title-5996\" class=\"elementor-tab-title elementor-tab-desktop-title\" aria-selected=\"false\" data-tab=\"6\" role=\"tab\" tabindex=\"-1\" aria-controls=\"elementor-tab-content-5996\" aria-expanded=\"false\"><a href=\"\">Requisitos<\/a><\/div>\n\t\t\t\t\t\t\t<\/div>\n\t\t\t<div class=\"elementor-tabs-content-wrapper\" role=\"tablist\" aria-orientation=\"vertical\">\n\t\t\t\t\t\t\t\t\t<div class=\"elementor-tab-title elementor-tab-mobile-title\" aria-selected=\"true\" data-tab=\"1\" role=\"tab\" tabindex=\"0\" aria-controls=\"elementor-tab-content-5991\" aria-expanded=\"false\">Visi\u00f3n y Objetivos<\/div>\n\t\t\t\t\t<div id=\"elementor-tab-content-5991\" class=\"elementor-tab-content elementor-clearfix\" data-tab=\"1\" role=\"tabpanel\" aria-labelledby=\"elementor-tab-title-5991\" tabindex=\"0\" hidden=\"false\"><p><img loading=\"lazy\" class=\"size-medium wp-image-916 alignleft\" src=\"http:\/\/aytcoaching.com\/wp-content\/uploads\/2019\/09\/argentina-1-300x199.jpg\" alt=\"vision\" width=\"300\" height=\"199\" srcset=\"https:\/\/aytcoaching.com\/wp-content\/uploads\/2019\/09\/argentina-1-300x199.jpg 300w, https:\/\/aytcoaching.com\/wp-content\/uploads\/2019\/09\/argentina-1.jpg 400w\" sizes=\"(max-width: 300px) 100vw, 300px\" \/><br \/><span style=\"color: #808080;\"><b>Visi\u00f3n general del Programa y objetivos<\/b><\/span><\/p><p style=\"padding-left: 40px;\"><span style=\"color: #808080;\"><b>Visi\u00f3n:<\/b> Espacio de formaci\u00f3n de Profesionales del Coaching, responsables, inclusivos y solidarios, que contribuyan al bienestar y desarrollo de los seres humanos, al liderazgo y a la paz en el mundo.<\/span><\/p><p><span style=\"color: #808080;\"><b>Objetivos fundamentales del programa:<\/b><\/span><\/p><ul><li style=\"list-style-type: none;\"><ul><li><span style=\"color: #808080;\">Brindar una formaci\u00f3n interdisciplinaria para adquirir la profesi\u00f3n de Coach Organizacional Ontol\u00f3gico<\/span><\/li><li><span style=\"color: #808080;\">Fomentar capacidad emprendedora y de liderazgo<\/span><\/li><li><span style=\"color: #808080;\">Proveer distinciones para la realizaci\u00f3n de Coaching de proyectos<\/span><\/li><li><span style=\"color: #808080;\">Proveer el entorno adecuado para realizar aprendizajes vivenciales<\/span><\/li><li><span style=\"color: #808080;\">Comprender los cambios, que en las relaciones humanas, generan las nuevas tecnolog\u00edas.<\/span><\/li><li><span style=\"color: #808080;\">Contribuir al crecimiento de la teor\u00eda y expansi\u00f3n profesional del Coaching en el mundo.<\/span><\/li><\/ul><\/li><\/ul><\/div>\n\t\t\t\t\t\t\t\t\t<div class=\"elementor-tab-title elementor-tab-mobile-title\" aria-selected=\"false\" data-tab=\"2\" role=\"tab\" tabindex=\"-1\" aria-controls=\"elementor-tab-content-5992\" aria-expanded=\"false\">M\u00f3dulos<\/div>\n\t\t\t\t\t<div id=\"elementor-tab-content-5992\" class=\"elementor-tab-content elementor-clearfix\" data-tab=\"2\" role=\"tabpanel\" aria-labelledby=\"elementor-tab-title-5992\" tabindex=\"0\" hidden=\"hidden\"><p><img loading=\"lazy\" class=\"size-medium wp-image-918 alignleft\" src=\"http:\/\/aytcoaching.com\/wp-content\/uploads\/2019\/09\/argentina2-300x248.jpg\" alt=\"modulos\" width=\"300\" height=\"248\" srcset=\"https:\/\/aytcoaching.com\/wp-content\/uploads\/2019\/09\/argentina2-300x248.jpg 300w, https:\/\/aytcoaching.com\/wp-content\/uploads\/2019\/09\/argentina2.jpg 420w\" sizes=\"(max-width: 300px) 100vw, 300px\" \/><br \/><span style=\"color: #808080;\"><b>Ciclo Inicial: Iniciaci\u00f3n al Coaching Ontol\u00f3gico Profesional<\/b><\/span><\/p><p><span style=\"color: #808080;\">BASES FILOS\u00d3FICAS<\/span><br \/><span style=\"color: #808080;\">OBSERVADOR ONTOL\u00d3GICO<\/span><br \/><span style=\"color: #808080;\">ESTRATEGIAS DE INTERVENCI\u00d3N EN LA EMOCIONALIDAD Y LA CORPORALI\u00adDAD<\/span><br \/><span style=\"color: #808080;\">DISE\u00d1O DE CONVERSACIONES<\/span><br \/><span style=\"color: #808080;\">COACHING ONTOL\u00d3GICO<\/span><br \/><span style=\"color: #808080;\">LIDERAZGO Y COACHING ORGANIZACIONAL<\/span><\/p><p><span style=\"color: #808080;\"><b>Ciclo de Formaci\u00f3n: En Coaching Ontol\u00f3gico Profesional<\/b><\/span><\/p><ul><li><span style=\"color: #808080;\">COACHING DEL DISE\u00d1O Y GESTI\u00d3N DE PROYECTOS<\/span><\/li><li><span style=\"color: #808080;\">PRACTICA DE CONVERSACIONES<\/span><\/li><li><span style=\"color: #808080;\">PRACTICA DE COACHING ONTOL\u00d3GICO PERSONAL<\/span><\/li><li><span style=\"color: #808080;\">PRACTICA DE COACHING ORGANIZACIONAL ONTOL\u00d3GICO<\/span><\/li><li><span style=\"color: #808080;\">INSERCI\u00d3N PROFESIONAL Y LABORAL DEL COACH<\/span><\/li><\/ul><\/div>\n\t\t\t\t\t\t\t\t\t<div class=\"elementor-tab-title elementor-tab-mobile-title\" aria-selected=\"false\" data-tab=\"3\" role=\"tab\" tabindex=\"-1\" aria-controls=\"elementor-tab-content-5993\" aria-expanded=\"false\">Filosof\u00eda<\/div>\n\t\t\t\t\t<div id=\"elementor-tab-content-5993\" class=\"elementor-tab-content elementor-clearfix\" data-tab=\"3\" role=\"tabpanel\" aria-labelledby=\"elementor-tab-title-5993\" tabindex=\"0\" hidden=\"hidden\"><p><img loading=\"lazy\" class=\"size-medium wp-image-919 alignleft\" src=\"http:\/\/aytcoaching.com\/wp-content\/uploads\/2019\/09\/argentina3-300x224.jpg\" alt=\"\" width=\"300\" height=\"224\" srcset=\"https:\/\/aytcoaching.com\/wp-content\/uploads\/2019\/09\/argentina3-300x224.jpg 300w, https:\/\/aytcoaching.com\/wp-content\/uploads\/2019\/09\/argentina3.jpg 400w\" sizes=\"(max-width: 300px) 100vw, 300px\" \/><br \/><span style=\"color: #808080;\"><b>Objetivos de aprendizaje <\/b><\/span><\/p><p><span style=\"color: #808080;\">Distinguir las diferentes competencias del Coaching Ontol\u00f3gico<\/span><br \/><span style=\"color: #808080;\">Conducir con competencias y efectividad conversaciones\/sesiones de Coaching<\/span><br \/><span style=\"color: #808080;\">Realizar coaching al dise\u00f1o y gesti\u00f3n de proyectos<\/span><br \/><span style=\"color: #808080;\">Integrar equipos multidisciplinarios<\/span><br \/><span style=\"color: #808080;\">Adquirir capacidad de negociaci\u00f3n y liderazgo.<\/span><br \/><span style=\"color: #808080;\">Valorar al Coaching como una efectiva estrategia de aprendizaje<\/span><\/p><p><span style=\"color: #808080;\"><b>Filosof\u00eda \/ modelo\/estrategias del coaching<\/b><\/span><\/p><p><span style=\"color: #808080;\">Este programa se inscribe en la Ontolog\u00eda del Lenguaje. Sostiene que el lenguaje crea realidad. Sus principios y postulados expresan:<\/span><\/p><p><span style=\"color: #808080;\"><b>1- Primero:<\/b> los seres humanos somos seres ling\u00fc\u00edsticos. Vivimos en el lenguaje y somos seres sociales. No podemos observar nuestro devenir fuera del lenguaje.<\/span><\/p><p><span style=\"color: #808080;\"><b>2. Segundo:<\/b> El lenguaje es descriptivo y tambi\u00e9n generativo. En tanto descriptivo, permite hablar acerca de las cosas; en tanto generativo, hace que las cosas ocurran, es generativo y crea realidad. Creamos realidad a partir de los actos ling\u00fc\u00edsticos que utilicemos, ya que, con independencia de nuestro idioma, hablamos a partir de acciones que son universales; s\u00f3lo hacemos afirmaciones, declaraciones, pedidos, ofertas y promesas. No solo actuamos de acuerdo a quien somos, tambi\u00e9n somos de acuerdo a como actuamos.. Uno deviene de acuerdo a lo que hace.<\/span><\/p><p><span style=\"color: #808080;\"><b>3. Tercero:<\/b> los seres humanos se crean a s\u00ed mismos en el lenguaje y a trav\u00e9s de \u00e9l. Cuando hablamos moldeamos nuestro futuro y el de otros, a partir de lo que decimos o de lo que nos dicen, de lo que escuchamos o no escuchamos. A trav\u00e9s de lo que decimos, abrimos o cerramos posibilidades en nuestro mundo y el de otros; tambi\u00e9n, de acuerdo a la manera en que lo decimos o con nuestro silencio. Adem\u00e1s, creamos nuestra identidad y la del mundo en que vivimos a trav\u00e9s del lenguaje.<\/span><\/p><p><span style=\"color: #808080;\">Los <b>principios \u00e9ticos y profesionales<\/b> establecidos por la International Coach Federation (ICF) y la Asociaci\u00f3n Argentina de Profesionales del Coaching (AAPC), como asimismo se tuvieron en cuenta y aportes de otros campos disciplinares que han contribuido al desarrollo y pr\u00e1ctica del Coaching (como una asociaci\u00f3n con clientes en un proceso creativo, provocativo y que invite a la reflexi\u00f3n, que les inspira a maximizar su potencial personal y profesional); en especial, la ling\u00fc\u00edstica, el liderazgo, las corrientes del mundo de las empresas, los negocios y los estudios de mercado, y otras corrientes del desarrollo personal (Maturana, Goleman, Echeverr\u00eda), del mundo organizacional (Fernando Flores, Francisco Varela, John Searle, Ludwig Witgenstein, J.L Austin) y del coaching (John Whitmore, Timothy Gallwey, Thomas Leonard, Damian Goldvarg); ense\u00f1\u00e1ndose por lo tanto los modelos y estrategias del coaching que de ello deviene.<\/span><\/p><p><span style=\"color: #808080;\">La formaci\u00f3n de un coach requiere no s\u00f3lo una capacitaci\u00f3n profesional sino a la vez, una transformaci\u00f3n personal, por lo que el proceso de aprendizaje ser\u00e1 tal que fomente la capacidad de aprender a aprender, de b\u00fasqueda y descubrimiento personal, como asi mismo de incorporaci\u00f3n de conocimientos, habilidades y competencias (teor\u00eda y pr\u00e1ctica del coaching) que lo conviertan en un profesional responsable, inclusivo y solidario, que contribuya al bienestar y desarrollo de los seres humanos, al liderazgo y a la paz en el mundo.<\/span><\/p><\/div>\n\t\t\t\t\t\t\t\t\t<div class=\"elementor-tab-title elementor-tab-mobile-title\" aria-selected=\"false\" data-tab=\"4\" role=\"tab\" tabindex=\"-1\" aria-controls=\"elementor-tab-content-5994\" aria-expanded=\"false\">Instructores<\/div>\n\t\t\t\t\t<div id=\"elementor-tab-content-5994\" class=\"elementor-tab-content elementor-clearfix\" data-tab=\"4\" role=\"tabpanel\" aria-labelledby=\"elementor-tab-title-5994\" tabindex=\"0\" hidden=\"hidden\"><div><div style=\"display: inline-block; vertical-align: top;\"><img loading=\"lazy\" class=\"size-medium wp-image-921 alignnone\" src=\"http:\/\/aytcoaching.com\/wp-content\/uploads\/2019\/09\/argentina4-300x194.jpg\" alt=\"instructores\" width=\"300\" height=\"194\" srcset=\"https:\/\/aytcoaching.com\/wp-content\/uploads\/2019\/09\/argentina4-300x194.jpg 300w, https:\/\/aytcoaching.com\/wp-content\/uploads\/2019\/09\/argentina4.jpg 400w\" sizes=\"(max-width: 300px) 100vw, 300px\" \/><\/div><div style=\"display: inline-block; vertical-align: top;\"><p style=\"color: #808080;\"><strong>Lista de los instructores principales<\/strong><\/p><p style=\"color: #808080;\"><em>Coaches:<\/em><\/p><ul><li><span style=\"color: #808080;\">Alicia Ag\u00fcero,<\/span><\/li><li><span style=\"color: #808080;\">Tani Sturich,<\/span><\/li><li><span style=\"color: #808080;\">Julieta Bulgheroni,<\/span><\/li><li><span style=\"color: #808080;\">Silvia Vega,<\/span><\/li><li><span style=\"color: #808080;\">Jimena Sposito,<\/span><\/li><li><span style=\"color: #808080;\">Mauro Curi,<\/span><\/li><li><span style=\"color: #808080;\">Ana Paula Fasano<\/span><\/li><li><span style=\"color: #808080;\">Marisa Failla<\/span><\/li><li><span style=\"color: #808080;\">Micaela Cavallero<\/span><\/li><li><span style=\"color: #808080;\">Sandra Merlo<\/span><\/li><li><span style=\"color: #808080;\">Andrea Ayub<\/span><\/li><li><span style=\"color: #808080;\">Carla Valazza<\/span><\/li><li><span style=\"color: #808080;\">Iliana Bustos.<\/span><\/li><\/ul><\/div><\/div><\/div>\n\t\t\t\t\t\t\t\t\t<div class=\"elementor-tab-title elementor-tab-mobile-title\" aria-selected=\"false\" data-tab=\"5\" role=\"tab\" tabindex=\"-1\" aria-controls=\"elementor-tab-content-5995\" aria-expanded=\"false\">M\u00e1s Informaci\u00f3n<\/div>\n\t\t\t\t\t<div id=\"elementor-tab-content-5995\" class=\"elementor-tab-content elementor-clearfix\" data-tab=\"5\" role=\"tabpanel\" aria-labelledby=\"elementor-tab-title-5995\" tabindex=\"0\" hidden=\"hidden\"><p><img loading=\"lazy\" class=\"size-medium wp-image-923 alignleft\" src=\"http:\/\/aytcoaching.com\/wp-content\/uploads\/2019\/09\/argentino5-300x200.jpg\" alt=\"\" width=\"300\" height=\"200\" srcset=\"https:\/\/aytcoaching.com\/wp-content\/uploads\/2019\/09\/argentino5-300x200.jpg 300w, https:\/\/aytcoaching.com\/wp-content\/uploads\/2019\/09\/argentino5.jpg 400w\" sizes=\"(max-width: 300px) 100vw, 300px\" \/><\/p><p><span style=\"color: #808080;\"><strong>Modalidad, Fechas y ubicaciones de dictado del Programa<\/strong><\/span><\/p><p>El Programa al ser de modalidad semipresencial (presenciales, reuniones con supervisores presenciales y por skype o plataforma y con aula virtual) posibilita el dictado en las distintas provincias (C\u00f3rdoba, Santiago del Estero, Corrientes, entre otras), su duraci\u00f3n es de 2 (dos) a\u00f1os y en cada semestre se inicia una nueva cohorte de alumnos.<\/p><p><span style=\"color: #808080;\"><strong>Idioma\/s en que se dicta el Programa:<\/strong> Espa\u00f1ol<\/span><\/p><p><span style=\"color: #808080;\"><strong>Destinatarios del Programa:<\/strong><\/span><\/p><p><span style=\"color: #808080;\">\u2013 Personas y \/ o profesionales interesadas en poseer una acreditaci\u00f3n PCC de coach de ICF, como ser:<\/span><\/p><p><span style=\"color: #808080;\">\u2013 Profesionales de otras disciplinas.<\/span><\/p><p><span style=\"color: #808080;\">\u2013 Personas y\/o profesionales que se desempe\u00f1an en organizaciones sociales: ONG\u00b4s (vecinales, comunales, solidarias, ambientalistas, protectoras, clubes, entre otras), fundaciones, asociaciones, voluntariados.<\/span><\/p><\/div>\n\t\t\t\t\t\t\t\t\t<div class=\"elementor-tab-title elementor-tab-mobile-title\" aria-selected=\"false\" data-tab=\"6\" role=\"tab\" tabindex=\"-1\" aria-controls=\"elementor-tab-content-5996\" aria-expanded=\"false\">Requisitos<\/div>\n\t\t\t\t\t<div id=\"elementor-tab-content-5996\" class=\"elementor-tab-content elementor-clearfix\" data-tab=\"6\" role=\"tabpanel\" aria-labelledby=\"elementor-tab-title-5996\" tabindex=\"0\" hidden=\"hidden\"><span style=\"color: #808080;\"><strong>Requisitos para ingresar al Programa.<\/strong><\/span>\n<blockquote><span style=\"color: #808080;\">1.a.Para no profesionales:<\/span>\n<blockquote><span style=\"color: #808080;\">Edad: superior a 21 a\u00f1os y<\/span>\n\n<span style=\"color: #808080;\">Secundario (como m\u00ednimo) completo con certificaci\u00f3n legalizada<\/span><\/blockquote>\n<span style=\"color: #808080;\">1.b.Para profesionales: T\u00edtulo profesional legalizado<\/span><\/blockquote>\n<span style=\"color: #808080;\">2. Solicitud de ingreso, foto 4 x 4 \u00be perfil color y fotocopia de 1\u00ba y 2\u00ba hoja del DNI.<\/span>\n\n<span style=\"color: #808080;\">3. Curr\u00edculum Vitae<\/span>\n\n<span style=\"color: #808080;\">4. Informe del Estado de Salud<\/span>\n\n<span style=\"color: #808080;\">5. Proyecto de Desarrollo Personal \u2013 Profesional<\/span>\n\n<span style=\"color: #808080;\">6. Entrevista de admisi\u00f3n<\/span>\n\n<span style=\"color: #808080;\">Pol\u00edticas de pago de matr\u00edcula y tarifa<\/span>\n<ul>\n \t<li><span style=\"color: #808080;\">Se acuerda el pago de la matr\u00edcula con lo\/s interesado\/s en realizar el programa, escuchando su propuesta y compromisos, la que puede efectivizarse con pagos de contado con descuento, con tarjeta de cr\u00e9dito, con cheques o en cuotas mensuales. Tambi\u00e9n se prev\u00e9 descuentos a empresas, grupos de trabajo y equipos.<\/span><\/li>\n<\/ul>\n<span style=\"color: #808080;\"><strong>Pol\u00edticas de retiros y reembolsos.\n<\/strong><\/span>\n\n<span style=\"color: #808080;\">Dependiendo de las circunstancias y los momentos del cursado en que estas se presentan, se acordar\u00e1 con el alumno la posibilidad o no de reembolso, como asimismo, porcentaje de retenci\u00f3n.<\/span><\/div>\n\t\t\t\t\t\t\t<\/div>\n\t\t<\/div>\n\t\t\t\t<\/div>\n\t\t\t\t<\/div>\n\t\t\t\t\t\t<\/div>\n\t\t\t\t\t<\/div>\n\t\t<\/div>\n\t\t\t\t\t\t\t\t<\/div>\n\t\t\t\t\t<\/div>\n\t\t<\/section>\n\t\t\t\t\t\t<\/div>\n\t\t\t\t\t\t<\/div>\n\t\t\t\t\t<\/div>\n\t\t","protected":false},"excerpt":{"rendered":"<p>FORMACION SEMI PRESENCIAL (Aula Virtual) FORMACION EN LINEA \u00a0 FORMACI\u00d3N EN COACHING ONTOL\u00d3GICO PROFESIONAL Visi\u00f3n y Objetivos M\u00f3dulos Filosof\u00eda Instructores M\u00e1s Informaci\u00f3n Requisitos Visi\u00f3n y Objetivos Visi\u00f3n general del Programa y objetivos Visi\u00f3n: Espacio de formaci\u00f3n de Profesionales del Coaching, responsables, inclusivos y solidarios, que contribuyan al bienestar y desarrollo de los seres humanos, al &hellip;<\/p>\n<p class=\"read-more\"> <a class=\"\" href=\"https:\/\/aytcoaching.com\/index.php\/peru-3\/\"> <span class=\"screen-reader-text\">PERU<\/span> Leer m\u00e1s &raquo;<\/a><\/p>\n","protected":false},"author":2,"featured_media":0,"parent":0,"menu_order":0,"comment_status":"closed","ping_status":"closed","template":"","meta":[],"_links":{"self":[{"href":"https:\/\/aytcoaching.com\/index.php\/wp-json\/wp\/v2\/pages\/365"}],"collection":[{"href":"https:\/\/aytcoaching.com\/index.php\/wp-json\/wp\/v2\/pages"}],"about":[{"href":"https:\/\/aytcoaching.com\/index.php\/wp-json\/wp\/v2\/types\/page"}],"author":[{"embeddable":true,"href":"https:\/\/aytcoaching.com\/index.php\/wp-json\/wp\/v2\/users\/2"}],"replies":[{"embeddable":true,"href":"https:\/\/aytcoaching.com\/index.php\/wp-json\/wp\/v2\/comments?post=365"}],"version-history":[{"count":6,"href":"https:\/\/aytcoaching.com\/index.php\/wp-json\/wp\/v2\/pages\/365\/revisions"}],"predecessor-version":[{"id":2032,"href":"https:\/\/aytcoaching.com\/index.php\/wp-json\/wp\/v2\/pages\/365\/revisions\/2032"}],"wp:attachment":[{"href":"https:\/\/aytcoaching.com\/index.php\/wp-json\/wp\/v2\/media?parent=365"}],"curies":[{"name":"wp","href":"https:\/\/api.w.org\/{rel}","templated":true}]}}